{"id":843,"date":"2022-03-26T10:35:29","date_gmt":"2022-03-26T09:35:29","guid":{"rendered":"https:\/\/www.vulkanologische-gesellschaft.de\/blog\/?page_id=843"},"modified":"2022-05-25T19:44:28","modified_gmt":"2022-05-25T17:44:28","slug":"fotoausstellung-vulkanologische-gesellschaft","status":"publish","type":"page","link":"https:\/\/www.vulkanologische-gesellschaft.de\/blog\/fotoausstellung-vulkanologische-gesellschaft\/","title":{"rendered":"Fotoausstellung Vulkanologische Gesellschaft"},"content":{"rendered":"\n\t\t<style type=\"text\/css\">\n\t\t\t#gallery-1 {\n\t\t\t\tmargin: auto;\n\t\t\t}\n\t\t\t#gallery-1 .gallery-item {\n\t\t\t\tfloat: left;\n\t\t\t\tmargin-top: 10px;\n\t\t\t\ttext-align: center;\n\t\t\t\twidth: 33%;\n\t\t\t}\n\t\t\t#gallery-1 img {\n\t\t\t\tborder: 2px solid #cfcfcf;\n\t\t\t}\n\t\t\t#gallery-1 .gallery-caption {\n\t\t\t\tmargin-left: 0;\n\t\t\t}\n\t\t\t\/* see gallery_shortcode() in wp-includes\/media.php *\/\n\t\t<\/style>\n\t\t<div id='gallery-1' class='gallery galleryid-843 gallery-columns-3 gallery-size-thumbnail'><dl class='gallery-item'>\n\t\t\t<dt class='gallery-icon landscape'>\n\t\t\t\t<a href='https:\/\/www.vulkanologische-gesellschaft.de\/blog\/wp-content\/uploads\/2022\/03\/Etna_Prio1-AUSSTELLUNG-Mittel.jpg'><img loading=\"lazy\" decoding=\"async\" width=\"150\" height=\"150\" src=\"https:\/\/www.vulkanologische-gesellschaft.de\/blog\/wp-content\/uploads\/2022\/03\/Etna_Prio1-AUSSTELLUNG-Mittel-150x150.jpg\" class=\"attachment-thumbnail size-thumbnail\" alt=\"Der \u00c4tna auf Sizilien. &copy; Andreas Brenneke\" srcset=\"https:\/\/www.vulkanologische-gesellschaft.de\/blog\/wp-content\/uploads\/2022\/03\/Etna_Prio1-AUSSTELLUNG-Mittel-150x150.jpg 150w, https:\/\/www.vulkanologische-gesellschaft.de\/blog\/wp-content\/uploads\/2022\/03\/Etna_Prio1-AUSSTELLUNG-Mittel-300x300.jpg 300w\" sizes=\"auto, (max-width: 150px) 100vw, 150px\" \/><\/a>\n\t\t\t<\/dt><\/dl><dl class='gallery-item'>\n\t\t\t<dt class='gallery-icon landscape'>\n\t\t\t\t<a href='https:\/\/www.vulkanologische-gesellschaft.de\/blog\/wp-content\/uploads\/2022\/03\/L1130796_Prio1-AUSSTELLUNG-Mittel.jpg'><img loading=\"lazy\" decoding=\"async\" width=\"150\" height=\"150\" src=\"https:\/\/www.vulkanologische-gesellschaft.de\/blog\/wp-content\/uploads\/2022\/03\/L1130796_Prio1-AUSSTELLUNG-Mittel-150x150.jpg\" class=\"attachment-thumbnail size-thumbnail\" alt=\"Vulkan \u00c4tna eruptiert strombolianisch. &copy; Andreas Brenneke\" srcset=\"https:\/\/www.vulkanologische-gesellschaft.de\/blog\/wp-content\/uploads\/2022\/03\/L1130796_Prio1-AUSSTELLUNG-Mittel-150x150.jpg 150w, https:\/\/www.vulkanologische-gesellschaft.de\/blog\/wp-content\/uploads\/2022\/03\/L1130796_Prio1-AUSSTELLUNG-Mittel-300x300.jpg 300w\" sizes=\"auto, (max-width: 150px) 100vw, 150px\" \/><\/a>\n\t\t\t<\/dt><\/dl><dl class='gallery-item'>\n\t\t\t<dt class='gallery-icon landscape'>\n\t\t\t\t<a href='https:\/\/www.vulkanologische-gesellschaft.de\/blog\/wp-content\/uploads\/2022\/03\/fuego-Mittel.jpg'><img loading=\"lazy\" decoding=\"async\" width=\"150\" height=\"150\" src=\"https:\/\/www.vulkanologische-gesellschaft.de\/blog\/wp-content\/uploads\/2022\/03\/fuego-Mittel-150x150.jpg\" class=\"attachment-thumbnail size-thumbnail\" alt=\"Fuego in Guatemala eruptiert. &copy; Marc Szeglat\" srcset=\"https:\/\/www.vulkanologische-gesellschaft.de\/blog\/wp-content\/uploads\/2022\/03\/fuego-Mittel-150x150.jpg 150w, https:\/\/www.vulkanologische-gesellschaft.de\/blog\/wp-content\/uploads\/2022\/03\/fuego-Mittel-300x300.jpg 300w\" sizes=\"auto, (max-width: 150px) 100vw, 150px\" \/><\/a>\n\t\t\t<\/dt><\/dl><br style=\"clear: both\" \/><dl class='gallery-item'>\n\t\t\t<dt class='gallery-icon landscape'>\n\t\t\t\t<a href='https:\/\/www.vulkanologische-gesellschaft.de\/blog\/wp-content\/uploads\/2022\/03\/hawaii-sea-entry-01_Prio1-AUSSTELLUNG-Mittel.jpg'><img loading=\"lazy\" decoding=\"async\" width=\"150\" height=\"150\" src=\"https:\/\/www.vulkanologische-gesellschaft.de\/blog\/wp-content\/uploads\/2022\/03\/hawaii-sea-entry-01_Prio1-AUSSTELLUNG-Mittel-150x150.jpg\" class=\"attachment-thumbnail size-thumbnail\" alt=\"Lava flie\u00dft auf Hawaii ins Meer. &copy; Marc Szeglat\" srcset=\"https:\/\/www.vulkanologische-gesellschaft.de\/blog\/wp-content\/uploads\/2022\/03\/hawaii-sea-entry-01_Prio1-AUSSTELLUNG-Mittel-150x150.jpg 150w, https:\/\/www.vulkanologische-gesellschaft.de\/blog\/wp-content\/uploads\/2022\/03\/hawaii-sea-entry-01_Prio1-AUSSTELLUNG-Mittel-300x300.jpg 300w\" sizes=\"auto, (max-width: 150px) 100vw, 150px\" \/><\/a>\n\t\t\t<\/dt><\/dl><dl class='gallery-item'>\n\t\t\t<dt class='gallery-icon landscape'>\n\t\t\t\t<a href='https:\/\/www.vulkanologische-gesellschaft.de\/blog\/wp-content\/uploads\/2022\/03\/P1010286_DxO_Prio1-AUSSTELLUNG-Mittel.jpg'><img loading=\"lazy\" decoding=\"async\" width=\"150\" height=\"150\" src=\"https:\/\/www.vulkanologische-gesellschaft.de\/blog\/wp-content\/uploads\/2022\/03\/P1010286_DxO_Prio1-AUSSTELLUNG-Mittel-150x150.jpg\" class=\"attachment-thumbnail size-thumbnail\" alt=\"Der Bromo auf Java speit Asche. &copy; Marc Szeglat\" srcset=\"https:\/\/www.vulkanologische-gesellschaft.de\/blog\/wp-content\/uploads\/2022\/03\/P1010286_DxO_Prio1-AUSSTELLUNG-Mittel-150x150.jpg 150w, https:\/\/www.vulkanologische-gesellschaft.de\/blog\/wp-content\/uploads\/2022\/03\/P1010286_DxO_Prio1-AUSSTELLUNG-Mittel-300x300.jpg 300w\" sizes=\"auto, (max-width: 150px) 100vw, 150px\" \/><\/a>\n\t\t\t<\/dt><\/dl><dl class='gallery-item'>\n\t\t\t<dt class='gallery-icon landscape'>\n\t\t\t\t<a href='https:\/\/www.vulkanologische-gesellschaft.de\/blog\/wp-content\/uploads\/2022\/03\/plymouth15_Prio1-AUSSTELLUNG-Mittel.jpg'><img loading=\"lazy\" decoding=\"async\" width=\"150\" height=\"150\" src=\"https:\/\/www.vulkanologische-gesellschaft.de\/blog\/wp-content\/uploads\/2022\/03\/plymouth15_Prio1-AUSSTELLUNG-Mittel-150x150.jpg\" class=\"attachment-thumbnail size-thumbnail\" alt=\"Die zerst\u00f6rte Stadt Plymouth auf Montserrat. &copy; Marc Szeglat\" srcset=\"https:\/\/www.vulkanologische-gesellschaft.de\/blog\/wp-content\/uploads\/2022\/03\/plymouth15_Prio1-AUSSTELLUNG-Mittel-150x150.jpg 150w, https:\/\/www.vulkanologische-gesellschaft.de\/blog\/wp-content\/uploads\/2022\/03\/plymouth15_Prio1-AUSSTELLUNG-Mittel-300x300.jpg 300w\" sizes=\"auto, (max-width: 150px) 100vw, 150px\" \/><\/a>\n\t\t\t<\/dt><\/dl><br style=\"clear: both\" \/><dl class='gallery-item'>\n\t\t\t<dt class='gallery-icon landscape'>\n\t\t\t\t<a href='https:\/\/www.vulkanologische-gesellschaft.de\/blog\/wp-content\/uploads\/2022\/03\/sakurajima-blitz_Prio1-AUSSTELLUNG-Mittel.jpg'><img loading=\"lazy\" decoding=\"async\" width=\"150\" height=\"150\" src=\"https:\/\/www.vulkanologische-gesellschaft.de\/blog\/wp-content\/uploads\/2022\/03\/sakurajima-blitz_Prio1-AUSSTELLUNG-Mittel-150x150.jpg\" class=\"attachment-thumbnail size-thumbnail\" alt=\"Vulkanischer Blitz am Sakura-jima in Japan &copy; Marc Szeglat\" srcset=\"https:\/\/www.vulkanologische-gesellschaft.de\/blog\/wp-content\/uploads\/2022\/03\/sakurajima-blitz_Prio1-AUSSTELLUNG-Mittel-150x150.jpg 150w, https:\/\/www.vulkanologische-gesellschaft.de\/blog\/wp-content\/uploads\/2022\/03\/sakurajima-blitz_Prio1-AUSSTELLUNG-Mittel-300x300.jpg 300w\" sizes=\"auto, (max-width: 150px) 100vw, 150px\" \/><\/a>\n\t\t\t<\/dt><\/dl><dl class='gallery-item'>\n\t\t\t<dt class='gallery-icon landscape'>\n\t\t\t\t<a href='https:\/\/www.vulkanologische-gesellschaft.de\/blog\/wp-content\/uploads\/2022\/03\/sinabung-pyroklastisch-01-Mittel.jpg'><img loading=\"lazy\" decoding=\"async\" width=\"150\" height=\"150\" src=\"https:\/\/www.vulkanologische-gesellschaft.de\/blog\/wp-content\/uploads\/2022\/03\/sinabung-pyroklastisch-01-Mittel-150x150.jpg\" class=\"attachment-thumbnail size-thumbnail\" alt=\"Pyroklastischer Strom am Sinabung Vulkan auf Sumatra. &copy; Marc Szeglat\" srcset=\"https:\/\/www.vulkanologische-gesellschaft.de\/blog\/wp-content\/uploads\/2022\/03\/sinabung-pyroklastisch-01-Mittel-150x150.jpg 150w, https:\/\/www.vulkanologische-gesellschaft.de\/blog\/wp-content\/uploads\/2022\/03\/sinabung-pyroklastisch-01-Mittel-300x300.jpg 300w\" sizes=\"auto, (max-width: 150px) 100vw, 150px\" \/><\/a>\n\t\t\t<\/dt><\/dl><dl class='gallery-item'>\n\t\t\t<dt class='gallery-icon landscape'>\n\t\t\t\t<a href='https:\/\/www.vulkanologische-gesellschaft.de\/blog\/wp-content\/uploads\/2022\/03\/Ambrym_Mirko-IMG_1481_Prio1-AUSSTELLUNG-Mittel.jpg'><img loading=\"lazy\" decoding=\"async\" width=\"150\" height=\"150\" src=\"https:\/\/www.vulkanologische-gesellschaft.de\/blog\/wp-content\/uploads\/2022\/03\/Ambrym_Mirko-IMG_1481_Prio1-AUSSTELLUNG-Mittel-150x150.jpg\" class=\"attachment-thumbnail size-thumbnail\" alt=\"Lavasee des Vulkans Ambrym auf Vanuatu. &copy; Mirko Weide\" srcset=\"https:\/\/www.vulkanologische-gesellschaft.de\/blog\/wp-content\/uploads\/2022\/03\/Ambrym_Mirko-IMG_1481_Prio1-AUSSTELLUNG-Mittel-150x150.jpg 150w, https:\/\/www.vulkanologische-gesellschaft.de\/blog\/wp-content\/uploads\/2022\/03\/Ambrym_Mirko-IMG_1481_Prio1-AUSSTELLUNG-Mittel-300x300.jpg 300w\" sizes=\"auto, (max-width: 150px) 100vw, 150px\" \/><\/a>\n\t\t\t<\/dt><\/dl><br style=\"clear: both\" \/><dl class='gallery-item'>\n\t\t\t<dt class='gallery-icon landscape'>\n\t\t\t\t<a href='https:\/\/www.vulkanologische-gesellschaft.de\/blog\/wp-content\/uploads\/2022\/03\/Hawaii_Mirko-IMG_4885_Lavalake-Mittel.jpg'><img loading=\"lazy\" decoding=\"async\" width=\"150\" height=\"150\" src=\"https:\/\/www.vulkanologische-gesellschaft.de\/blog\/wp-content\/uploads\/2022\/03\/Hawaii_Mirko-IMG_4885_Lavalake-Mittel-150x150.jpg\" class=\"attachment-thumbnail size-thumbnail\" alt=\"Lava im Lavasee im Kilauea-Krater. &copy; Mirko Weide\" srcset=\"https:\/\/www.vulkanologische-gesellschaft.de\/blog\/wp-content\/uploads\/2022\/03\/Hawaii_Mirko-IMG_4885_Lavalake-Mittel-150x150.jpg 150w, https:\/\/www.vulkanologische-gesellschaft.de\/blog\/wp-content\/uploads\/2022\/03\/Hawaii_Mirko-IMG_4885_Lavalake-Mittel-300x300.jpg 300w\" sizes=\"auto, (max-width: 150px) 100vw, 150px\" \/><\/a>\n\t\t\t<\/dt><\/dl><dl class='gallery-item'>\n\t\t\t<dt class='gallery-icon landscape'>\n\t\t\t\t<a href='https:\/\/www.vulkanologische-gesellschaft.de\/blog\/wp-content\/uploads\/2022\/03\/LaPalma_CumbreVieja_Mirko-IMG_8398_Prio1-AUSSTELLUNG-Mittel.jpg'><img loading=\"lazy\" decoding=\"async\" width=\"150\" height=\"150\" src=\"https:\/\/www.vulkanologische-gesellschaft.de\/blog\/wp-content\/uploads\/2022\/03\/LaPalma_CumbreVieja_Mirko-IMG_8398_Prio1-AUSSTELLUNG-Mittel-150x150.jpg\" class=\"attachment-thumbnail size-thumbnail\" alt=\"Eruption des Cumbre Vieja auf La Palma. &copy; Mirko Weide\" srcset=\"https:\/\/www.vulkanologische-gesellschaft.de\/blog\/wp-content\/uploads\/2022\/03\/LaPalma_CumbreVieja_Mirko-IMG_8398_Prio1-AUSSTELLUNG-Mittel-150x150.jpg 150w, https:\/\/www.vulkanologische-gesellschaft.de\/blog\/wp-content\/uploads\/2022\/03\/LaPalma_CumbreVieja_Mirko-IMG_8398_Prio1-AUSSTELLUNG-Mittel-300x300.jpg 300w\" sizes=\"auto, (max-width: 150px) 100vw, 150px\" \/><\/a>\n\t\t\t<\/dt><\/dl><dl class='gallery-item'>\n\t\t\t<dt class='gallery-icon landscape'>\n\t\t\t\t<a href='https:\/\/www.vulkanologische-gesellschaft.de\/blog\/wp-content\/uploads\/2022\/03\/DSC_0908_Prio1-AUSSTELLUNG-Mittel.jpg'><img loading=\"lazy\" decoding=\"async\" width=\"150\" height=\"150\" src=\"https:\/\/www.vulkanologische-gesellschaft.de\/blog\/wp-content\/uploads\/2022\/03\/DSC_0908_Prio1-AUSSTELLUNG-Mittel-150x150.jpg\" class=\"attachment-thumbnail size-thumbnail\" alt=\"Erta Al\u00e9 mit Lavaspattering. &copy; Rafael Werndli\" srcset=\"https:\/\/www.vulkanologische-gesellschaft.de\/blog\/wp-content\/uploads\/2022\/03\/DSC_0908_Prio1-AUSSTELLUNG-Mittel-150x150.jpg 150w, https:\/\/www.vulkanologische-gesellschaft.de\/blog\/wp-content\/uploads\/2022\/03\/DSC_0908_Prio1-AUSSTELLUNG-Mittel-300x300.jpg 300w\" sizes=\"auto, (max-width: 150px) 100vw, 150px\" \/><\/a>\n\t\t\t<\/dt><\/dl><br style=\"clear: both\" \/><dl class='gallery-item'>\n\t\t\t<dt class='gallery-icon landscape'>\n\t\t\t\t<a href='https:\/\/www.vulkanologische-gesellschaft.de\/blog\/wp-content\/uploads\/2022\/03\/DSC_0970_NEUER-AUSSCHNITT_Prio1-AUSSTELLUNG-Mittel.jpg'><img loading=\"lazy\" decoding=\"async\" width=\"150\" height=\"150\" src=\"https:\/\/www.vulkanologische-gesellschaft.de\/blog\/wp-content\/uploads\/2022\/03\/DSC_0970_NEUER-AUSSCHNITT_Prio1-AUSSTELLUNG-Mittel-150x150.jpg\" class=\"attachment-thumbnail size-thumbnail\" alt=\"Lavasee des \u00e4thiopischen Vulkans Erta Al\u00e9. &copy; Rafael Werndli\" srcset=\"https:\/\/www.vulkanologische-gesellschaft.de\/blog\/wp-content\/uploads\/2022\/03\/DSC_0970_NEUER-AUSSCHNITT_Prio1-AUSSTELLUNG-Mittel-150x150.jpg 150w, https:\/\/www.vulkanologische-gesellschaft.de\/blog\/wp-content\/uploads\/2022\/03\/DSC_0970_NEUER-AUSSCHNITT_Prio1-AUSSTELLUNG-Mittel-300x300.jpg 300w\" sizes=\"auto, (max-width: 150px) 100vw, 150px\" \/><\/a>\n\t\t\t<\/dt><\/dl><dl class='gallery-item'>\n\t\t\t<dt class='gallery-icon landscape'>\n\t\t\t\t<a href='https:\/\/www.vulkanologische-gesellschaft.de\/blog\/wp-content\/uploads\/2022\/03\/Dallol_Kratergebiet_11-01-2018_DJI_0155_AUSSCHNITT-Mittel.jpg'><img loading=\"lazy\" decoding=\"async\" width=\"150\" height=\"150\" src=\"https:\/\/www.vulkanologische-gesellschaft.de\/blog\/wp-content\/uploads\/2022\/03\/Dallol_Kratergebiet_11-01-2018_DJI_0155_AUSSCHNITT-Mittel-150x150.jpg\" class=\"attachment-thumbnail size-thumbnail\" alt=\"Thermalgebiet von Dallol in der \u00e4thiopischen W\u00fcste Danakil. &copy; Stefan Tommasini\" srcset=\"https:\/\/www.vulkanologische-gesellschaft.de\/blog\/wp-content\/uploads\/2022\/03\/Dallol_Kratergebiet_11-01-2018_DJI_0155_AUSSCHNITT-Mittel-150x150.jpg 150w, https:\/\/www.vulkanologische-gesellschaft.de\/blog\/wp-content\/uploads\/2022\/03\/Dallol_Kratergebiet_11-01-2018_DJI_0155_AUSSCHNITT-Mittel-300x300.jpg 300w\" sizes=\"auto, (max-width: 150px) 100vw, 150px\" \/><\/a>\n\t\t\t<\/dt><\/dl><dl class='gallery-item'>\n\t\t\t<dt class='gallery-icon landscape'>\n\t\t\t\t<a href='https:\/\/www.vulkanologische-gesellschaft.de\/blog\/wp-content\/uploads\/2022\/03\/Dallol_Kratergebiet_13-02-2017_K5II2846__Prio1-AUSSTELLUNG-Mittel.jpg'><img loading=\"lazy\" decoding=\"async\" width=\"150\" height=\"150\" src=\"https:\/\/www.vulkanologische-gesellschaft.de\/blog\/wp-content\/uploads\/2022\/03\/Dallol_Kratergebiet_13-02-2017_K5II2846__Prio1-AUSSTELLUNG-Mittel-150x150.jpg\" class=\"attachment-thumbnail size-thumbnail\" alt=\"Nat\u00fcrliche Salzskulptur am Dallol in \u00c4thiopien. &copy; Stefan Tommasini\" srcset=\"https:\/\/www.vulkanologische-gesellschaft.de\/blog\/wp-content\/uploads\/2022\/03\/Dallol_Kratergebiet_13-02-2017_K5II2846__Prio1-AUSSTELLUNG-Mittel-150x150.jpg 150w, https:\/\/www.vulkanologische-gesellschaft.de\/blog\/wp-content\/uploads\/2022\/03\/Dallol_Kratergebiet_13-02-2017_K5II2846__Prio1-AUSSTELLUNG-Mittel-300x300.jpg 300w\" sizes=\"auto, (max-width: 150px) 100vw, 150px\" \/><\/a>\n\t\t\t<\/dt><\/dl><br style=\"clear: both\" \/><dl class='gallery-item'>\n\t\t\t<dt class='gallery-icon landscape'>\n\t\t\t\t<a href='https:\/\/www.vulkanologische-gesellschaft.de\/blog\/wp-content\/uploads\/2022\/03\/Ibu_Krater_28-08-2019__EM13290_Prio1-AUSSTELLUNG-Mittel.jpg'><img loading=\"lazy\" decoding=\"async\" width=\"150\" height=\"150\" src=\"https:\/\/www.vulkanologische-gesellschaft.de\/blog\/wp-content\/uploads\/2022\/03\/Ibu_Krater_28-08-2019__EM13290_Prio1-AUSSTELLUNG-Mittel-150x150.jpg\" class=\"attachment-thumbnail size-thumbnail\" alt=\"Explosive Eruption am Ibu auf Halmahera. &copy; Stefan Tommasini\" srcset=\"https:\/\/www.vulkanologische-gesellschaft.de\/blog\/wp-content\/uploads\/2022\/03\/Ibu_Krater_28-08-2019__EM13290_Prio1-AUSSTELLUNG-Mittel-150x150.jpg 150w, https:\/\/www.vulkanologische-gesellschaft.de\/blog\/wp-content\/uploads\/2022\/03\/Ibu_Krater_28-08-2019__EM13290_Prio1-AUSSTELLUNG-Mittel-300x300.jpg 300w\" sizes=\"auto, (max-width: 150px) 100vw, 150px\" \/><\/a>\n\t\t\t<\/dt><\/dl><dl class='gallery-item'>\n\t\t\t<dt class='gallery-icon landscape'>\n\t\t\t\t<a href='https:\/\/www.vulkanologische-gesellschaft.de\/blog\/wp-content\/uploads\/2022\/03\/GTM-20190324-XT2F3771-Fuego_Prio1-AUSSTELLUNG-Mittel.jpg'><img loading=\"lazy\" decoding=\"async\" width=\"150\" height=\"150\" src=\"https:\/\/www.vulkanologische-gesellschaft.de\/blog\/wp-content\/uploads\/2022\/03\/GTM-20190324-XT2F3771-Fuego_Prio1-AUSSTELLUNG-Mittel-150x150.jpg\" class=\"attachment-thumbnail size-thumbnail\" alt=\"Strombolianische Eruption am Vulkan Fuego. &copy; Thomas Spinner\" srcset=\"https:\/\/www.vulkanologische-gesellschaft.de\/blog\/wp-content\/uploads\/2022\/03\/GTM-20190324-XT2F3771-Fuego_Prio1-AUSSTELLUNG-Mittel-150x150.jpg 150w, https:\/\/www.vulkanologische-gesellschaft.de\/blog\/wp-content\/uploads\/2022\/03\/GTM-20190324-XT2F3771-Fuego_Prio1-AUSSTELLUNG-Mittel-300x300.jpg 300w\" sizes=\"auto, (max-width: 150px) 100vw, 150px\" \/><\/a>\n\t\t\t<\/dt><\/dl><dl class='gallery-item'>\n\t\t\t<dt class='gallery-icon landscape'>\n\t\t\t\t<a href='https:\/\/www.vulkanologische-gesellschaft.de\/blog\/wp-content\/uploads\/2022\/03\/IDN-20170718-X01R0048-Rinjani-Sonnenaufgang-Gipfel_Prio1-AUSSTELLUNG-Mittel.jpg'><img loading=\"lazy\" decoding=\"async\" width=\"150\" height=\"150\" src=\"https:\/\/www.vulkanologische-gesellschaft.de\/blog\/wp-content\/uploads\/2022\/03\/IDN-20170718-X01R0048-Rinjani-Sonnenaufgang-Gipfel_Prio1-AUSSTELLUNG-Mittel-150x150.jpg\" class=\"attachment-thumbnail size-thumbnail\" alt=\"Rinjani Krater auf Lombok. &copy; Thomas Spinner\" srcset=\"https:\/\/www.vulkanologische-gesellschaft.de\/blog\/wp-content\/uploads\/2022\/03\/IDN-20170718-X01R0048-Rinjani-Sonnenaufgang-Gipfel_Prio1-AUSSTELLUNG-Mittel-150x150.jpg 150w, https:\/\/www.vulkanologische-gesellschaft.de\/blog\/wp-content\/uploads\/2022\/03\/IDN-20170718-X01R0048-Rinjani-Sonnenaufgang-Gipfel_Prio1-AUSSTELLUNG-Mittel-300x300.jpg 300w\" sizes=\"auto, (max-width: 150px) 100vw, 150px\" \/><\/a>\n\t\t\t<\/dt><\/dl><br style=\"clear: both\" \/><dl class='gallery-item'>\n\t\t\t<dt class='gallery-icon landscape'>\n\t\t\t\t<a href='https:\/\/www.vulkanologische-gesellschaft.de\/blog\/wp-content\/uploads\/2022\/03\/IDN-20170803-X01R4644-Semeru-Mittel.jpg'><img loading=\"lazy\" decoding=\"async\" width=\"150\" height=\"150\" src=\"https:\/\/www.vulkanologische-gesellschaft.de\/blog\/wp-content\/uploads\/2022\/03\/IDN-20170803-X01R4644-Semeru-Mittel-150x150.jpg\" class=\"attachment-thumbnail size-thumbnail\" alt=\"Vulkan Semeru in Indonesien. &copy; Thomas Spinner\" srcset=\"https:\/\/www.vulkanologische-gesellschaft.de\/blog\/wp-content\/uploads\/2022\/03\/IDN-20170803-X01R4644-Semeru-Mittel-150x150.jpg 150w, https:\/\/www.vulkanologische-gesellschaft.de\/blog\/wp-content\/uploads\/2022\/03\/IDN-20170803-X01R4644-Semeru-Mittel-300x300.jpg 300w\" sizes=\"auto, (max-width: 150px) 100vw, 150px\" \/><\/a>\n\t\t\t<\/dt><\/dl><dl class='gallery-item'>\n\t\t\t<dt class='gallery-icon landscape'>\n\t\t\t\t<a href='https:\/\/www.vulkanologische-gesellschaft.de\/blog\/wp-content\/uploads\/2022\/03\/1_Stromboli-2_PRIO-1-AUSSTELLUNG-Mittel.jpg'><img loading=\"lazy\" decoding=\"async\" width=\"150\" height=\"150\" src=\"https:\/\/www.vulkanologische-gesellschaft.de\/blog\/wp-content\/uploads\/2022\/03\/1_Stromboli-2_PRIO-1-AUSSTELLUNG-Mittel-150x150.jpg\" class=\"attachment-thumbnail size-thumbnail\" alt=\"Stromboli w\u00e4hrend Vollmond. &copy; Thorsten B\u00f6ckel\" srcset=\"https:\/\/www.vulkanologische-gesellschaft.de\/blog\/wp-content\/uploads\/2022\/03\/1_Stromboli-2_PRIO-1-AUSSTELLUNG-Mittel-150x150.jpg 150w, https:\/\/www.vulkanologische-gesellschaft.de\/blog\/wp-content\/uploads\/2022\/03\/1_Stromboli-2_PRIO-1-AUSSTELLUNG-Mittel-300x300.jpg 300w\" sizes=\"auto, (max-width: 150px) 100vw, 150px\" \/><\/a>\n\t\t\t<\/dt><\/dl><dl class='gallery-item'>\n\t\t\t<dt class='gallery-icon landscape'>\n\t\t\t\t<a href='https:\/\/www.vulkanologische-gesellschaft.de\/blog\/wp-content\/uploads\/2022\/03\/1_Stromboli-8_noPRIO-Mittel.jpg'><img loading=\"lazy\" decoding=\"async\" width=\"150\" height=\"150\" src=\"https:\/\/www.vulkanologische-gesellschaft.de\/blog\/wp-content\/uploads\/2022\/03\/1_Stromboli-8_noPRIO-Mittel-150x150.jpg\" class=\"attachment-thumbnail size-thumbnail\" alt=\"Eruption am Stromboli. &copy; Thorsten B\u00f6ckel\" srcset=\"https:\/\/www.vulkanologische-gesellschaft.de\/blog\/wp-content\/uploads\/2022\/03\/1_Stromboli-8_noPRIO-Mittel-150x150.jpg 150w, https:\/\/www.vulkanologische-gesellschaft.de\/blog\/wp-content\/uploads\/2022\/03\/1_Stromboli-8_noPRIO-Mittel-300x300.jpg 300w\" sizes=\"auto, (max-width: 150px) 100vw, 150px\" \/><\/a>\n\t\t\t<\/dt><\/dl><br style=\"clear: both\" \/><dl class='gallery-item'>\n\t\t\t<dt class='gallery-icon landscape'>\n\t\t\t\t<a href='https:\/\/www.vulkanologische-gesellschaft.de\/blog\/wp-content\/uploads\/2022\/03\/2_Etna-3_PRIO-1-AUSSTELLUNG-Mittel.jpg'><img loading=\"lazy\" decoding=\"async\" width=\"150\" height=\"150\" src=\"https:\/\/www.vulkanologische-gesellschaft.de\/blog\/wp-content\/uploads\/2022\/03\/2_Etna-3_PRIO-1-AUSSTELLUNG-Mittel-150x150.jpg\" class=\"attachment-thumbnail size-thumbnail\" alt=\"Paroxysmus am \u00c4tna. &copy; Thorsten B\u00f6ckel\" srcset=\"https:\/\/www.vulkanologische-gesellschaft.de\/blog\/wp-content\/uploads\/2022\/03\/2_Etna-3_PRIO-1-AUSSTELLUNG-Mittel-150x150.jpg 150w, https:\/\/www.vulkanologische-gesellschaft.de\/blog\/wp-content\/uploads\/2022\/03\/2_Etna-3_PRIO-1-AUSSTELLUNG-Mittel-300x300.jpg 300w\" sizes=\"auto, (max-width: 150px) 100vw, 150px\" \/><\/a>\n\t\t\t<\/dt><\/dl><dl class='gallery-item'>\n\t\t\t<dt class='gallery-icon landscape'>\n\t\t\t\t<a href='https:\/\/www.vulkanologische-gesellschaft.de\/blog\/wp-content\/uploads\/2022\/03\/5_Montserrat-4_PRIO-1-AUSSTELLUNG-Mittel.jpg'><img loading=\"lazy\" decoding=\"async\" width=\"150\" height=\"150\" src=\"https:\/\/www.vulkanologische-gesellschaft.de\/blog\/wp-content\/uploads\/2022\/03\/5_Montserrat-4_PRIO-1-AUSSTELLUNG-Mittel-150x150.jpg\" class=\"attachment-thumbnail size-thumbnail\" alt=\"Pyroklastischer Strom auf Montserrat. &copy; Thorsten B\u00f6ckel\" srcset=\"https:\/\/www.vulkanologische-gesellschaft.de\/blog\/wp-content\/uploads\/2022\/03\/5_Montserrat-4_PRIO-1-AUSSTELLUNG-Mittel-150x150.jpg 150w, https:\/\/www.vulkanologische-gesellschaft.de\/blog\/wp-content\/uploads\/2022\/03\/5_Montserrat-4_PRIO-1-AUSSTELLUNG-Mittel-300x300.jpg 300w\" sizes=\"auto, (max-width: 150px) 100vw, 150px\" \/><\/a>\n\t\t\t<\/dt><\/dl><dl class='gallery-item'>\n\t\t\t<dt class='gallery-icon landscape'>\n\t\t\t\t<a href='https:\/\/www.vulkanologische-gesellschaft.de\/blog\/wp-content\/uploads\/2022\/03\/6_Island-9_PRIO-1-AUSSTELLUNG-Mittel.jpg'><img loading=\"lazy\" decoding=\"async\" width=\"150\" height=\"150\" src=\"https:\/\/www.vulkanologische-gesellschaft.de\/blog\/wp-content\/uploads\/2022\/03\/6_Island-9_PRIO-1-AUSSTELLUNG-Mittel-150x150.jpg\" class=\"attachment-thumbnail size-thumbnail\" alt=\"Eyjafajllaj\u00f6kull. &copy; Thorsten B\u00f6ckel\" srcset=\"https:\/\/www.vulkanologische-gesellschaft.de\/blog\/wp-content\/uploads\/2022\/03\/6_Island-9_PRIO-1-AUSSTELLUNG-Mittel-150x150.jpg 150w, https:\/\/www.vulkanologische-gesellschaft.de\/blog\/wp-content\/uploads\/2022\/03\/6_Island-9_PRIO-1-AUSSTELLUNG-Mittel-300x300.jpg 300w\" sizes=\"auto, (max-width: 150px) 100vw, 150px\" \/><\/a>\n\t\t\t<\/dt><\/dl><br style=\"clear: both\" \/><dl class='gallery-item'>\n\t\t\t<dt class='gallery-icon landscape'>\n\t\t\t\t<a href='https:\/\/www.vulkanologische-gesellschaft.de\/blog\/wp-content\/uploads\/2022\/05\/Et13-2075D6-Custom.jpg'><img loading=\"lazy\" decoding=\"async\" width=\"150\" height=\"150\" src=\"https:\/\/www.vulkanologische-gesellschaft.de\/blog\/wp-content\/uploads\/2022\/05\/Et13-2075D6-Custom-150x150.jpg\" class=\"attachment-thumbnail size-thumbnail\" alt=\"\" srcset=\"https:\/\/www.vulkanologische-gesellschaft.de\/blog\/wp-content\/uploads\/2022\/05\/Et13-2075D6-Custom-150x150.jpg 150w, https:\/\/www.vulkanologische-gesellschaft.de\/blog\/wp-content\/uploads\/2022\/05\/Et13-2075D6-Custom-300x300.jpg 300w\" sizes=\"auto, (max-width: 150px) 100vw, 150px\" \/><\/a>\n\t\t\t<\/dt><\/dl><dl class='gallery-item'>\n\t\t\t<dt class='gallery-icon landscape'>\n\t\t\t\t<a href='https:\/\/www.vulkanologische-gesellschaft.de\/blog\/wp-content\/uploads\/2022\/05\/old139ba-Custom.jpg'><img loading=\"lazy\" decoding=\"async\" width=\"150\" height=\"150\" src=\"https:\/\/www.vulkanologische-gesellschaft.de\/blog\/wp-content\/uploads\/2022\/05\/old139ba-Custom-150x150.jpg\" class=\"attachment-thumbnail size-thumbnail\" alt=\"\" srcset=\"https:\/\/www.vulkanologische-gesellschaft.de\/blog\/wp-content\/uploads\/2022\/05\/old139ba-Custom-150x150.jpg 150w, https:\/\/www.vulkanologische-gesellschaft.de\/blog\/wp-content\/uploads\/2022\/05\/old139ba-Custom-300x300.jpg 300w\" sizes=\"auto, (max-width: 150px) 100vw, 150px\" \/><\/a>\n\t\t\t<\/dt><\/dl><dl class='gallery-item'>\n\t\t\t<dt class='gallery-icon landscape'>\n\t\t\t\t<a href='https:\/\/www.vulkanologische-gesellschaft.de\/blog\/wp-content\/uploads\/2022\/05\/St14-0702D6-Custom.jpg'><img loading=\"lazy\" decoding=\"async\" width=\"150\" height=\"150\" src=\"https:\/\/www.vulkanologische-gesellschaft.de\/blog\/wp-content\/uploads\/2022\/05\/St14-0702D6-Custom-150x150.jpg\" class=\"attachment-thumbnail size-thumbnail\" alt=\"\" srcset=\"https:\/\/www.vulkanologische-gesellschaft.de\/blog\/wp-content\/uploads\/2022\/05\/St14-0702D6-Custom-150x150.jpg 150w, https:\/\/www.vulkanologische-gesellschaft.de\/blog\/wp-content\/uploads\/2022\/05\/St14-0702D6-Custom-300x300.jpg 300w\" sizes=\"auto, (max-width: 150px) 100vw, 150px\" \/><\/a>\n\t\t\t<\/dt><\/dl><br style=\"clear: both\" \/>\n\t\t<\/div>\n\n<p>&nbsp;<\/p>\n<h3>Vulkane der Welt: Zwischen Grauen und Anbetung \u2013 Die Faszination der Feuerberge<\/h3>\n<p><em>Eine Ausstellung der \u201eVulkanologischen Gesellschaft\/Volcanological Society\u201c e.V.<\/em><\/p>\n<p>&nbsp;<\/p>\n<p><strong>30. Mai &#8211; 15 Juli in der VHS Oberhausen (Bert-Brecht-Haus)<\/strong><\/p>\n<p>&nbsp;<\/p>\n<p>Am 17. Oktober des Jahres 79 n. Chr. unterbrachen die Menschen in den beiden betriebsamen St\u00e4dten Pompeji und Herculaneum ihre t\u00e4gliche Arbeit. In den zahlreichen Tavernen der St\u00e4dte und den schattigen Innenh\u00f6fen der H\u00e4user schauten die Menschen irritiert um sich. Ein dumpfes Dr\u00f6hnen und Grollen, gefolgt von einem heftigen Erzittern der Erde schreckte sie j\u00e4h aus ihrer allt\u00e4glichen Routine auf. Sie liefen hinaus auf die Stra\u00dfen und gesellten ich zu jenen, die bereits dort standen, den Blick wie gebannt auf jenen Berg in ihrer N\u00e4he gerichtet, der ihnen seit jeher bekannt war und als beliebtes und ergiebiges Jagdrevier diente. Der gr\u00fcne Riese zitterte und schleuderte eine Wolke aus Rauch, Dampf, Asche und Gestein in den strahlend blauen Herbsthimmel \u00fcber dem prachtvollen Golf von Neapel. Vom Vesuv, von dem inzwischen niemand mehr wusste, dass er \u00fcberhaupt ein Vulkan sei, ging eine Serie gewaltiger Explosionen aus, die riesige Mengen an Gestein aller Gr\u00f6\u00dfen und Formen in die H\u00f6he schleuderte, gefolgt von Lavastr\u00f6men, die sich unbarmherzig die Flanken des Berges hinunter w\u00e4lzten. Schlie\u00dflich brachen die bis zu 30 km hinauf in die Atmosph\u00e4re reichenden Eruptionswolken unter ihrem eigenen Gewicht in sich zusammen und rauschten als alles Leben ausl\u00f6schende Glutlawinen hinab in die K\u00fcstenebene. Pompeji und Herculaneum versanken unter viele Meter dicken Schichten vulkanischen Auswurfmaterials. Nichts blieb \u00fcbrig von jenen beiden bl\u00fchenden St\u00e4dten der campania felix. Sie waren zu Orten des Schreckens und des Ungl\u00fccks, zu Gr\u00e4bern Tausender ihrer Einwohner geworden. Bis heute thront der Vesuv, einer der gef\u00e4hrlichsten Feuerberge unseres Planeten, wie ein gro\u00dfes, schwarzes Raubtier \u00fcber dem Golf von Neapel. Seit dem M\u00e4rz 1944 schl\u00e4ft er. Doch er wird wieder aufwachen, irgendwann.<\/p>\n<p>Ohne die Vulkane g\u00e4be es um unseren Planeten herum keine Atmosph\u00e4re, g\u00e4be es keine Pflanzen, dies diese mit ihrem Sauerstoff in atembare Luft verwandelt h\u00e4tten. Die fruchtbarsten B\u00f6den unseres Planeten verdanken wir unseren Feuerbergen. Sie erm\u00f6glichen Leben und fordern es unbarmherzig wieder ein. Sie widersetzen sich allen Versuchen, ihr Verhalten sicher vorherzusagen. Jeder Versuch ihre Lavamassen und pyroklastischen Str\u00f6me umzuleiten ist zum Scheitern verurteilt. Wir sind ihnen trotz all unserer Forschungsergebnisse und Technologien hilflos ausgeliefert. Aber Menschen leben auch mit und von den Vulkanen. Die B\u00f6den, welche ihre verwitterte Lava entstehen l\u00e4sst, z\u00e4hlen zu den fruchtbarsten der Welt. Allein auf Sizilien ernten Bauern auf den Feldern zu F\u00fc\u00dfen des \u00c4tna bis zu f\u00fcnfmal im Jahr k\u00f6stliche Zitrusfr\u00fcchte. Vulkane bringen den Tod und sie schenken zugleich Leben in H\u00fclle und F\u00fclle. Sie sind ihren Bewohnern und Anwohnern Heimat und sie werden ihnen manchmal zu Gr\u00e4bern. Seit Menschengedenken f\u00fcrchten die Menschen die zornigen Feuerberge, sie lieben sie indes auch und verehren sie sogar als G\u00f6tter. Ihre Faszination ist ungebrochen.<\/p>\n<p>Mit unserer Ausstellung m\u00f6chte die \u201eVulkanologische Gesellschaft\/Volcanological Society e.V\u201c um die Unterst\u00fctzung und Durchf\u00fchrung von internationalen Forschungsprojekten und \u00d6ffentlichkeitsarbeit zur Vulkanologie werben. Wir kl\u00e4ren \u00fcber Gefahren und M\u00f6glichkeiten des Vulkanismus auf, wollen aber auch Bewusstsein f\u00fcr die dem Menschen n\u00fctzlichen Seiten des Naturph\u00e4nomens der Vulkane schaffen. Nicht zuletzt m\u00f6chten wir aber auch die Faszination zum Thema Vulkane transportieren und unsere Leidenschaft mit einem breiten Publikum teilen.<\/p>\n<p>(<em>Text: Andreas Brenneke\/Mirko Weide<\/em>)<\/p>\n","protected":false},"excerpt":{"rendered":"<p>&nbsp; Vulkane der Welt: Zwischen Grauen und Anbetung \u2013 Die Faszination der Feuerberge Eine Ausstellung der \u201eVulkanologischen Gesellschaft\/Volcanological Society\u201c e.V. &nbsp; 30. Mai &#8211; 15 Juli in der VHS Oberhausen (Bert-Brecht-Haus) &nbsp; Am 17. Oktober des Jahres 79 n. Chr. unterbrachen die Menschen in den beiden betriebsamen St\u00e4dten Pompeji und Herculaneum ihre t\u00e4gliche Arbeit. In&hellip;<\/p>\n","protected":false},"author":1,"featured_media":0,"parent":0,"menu_order":0,"comment_status":"closed","ping_status":"closed","template":"","meta":{"footnotes":""},"class_list":["post-843","page","type-page","status-publish","hentry"],"yoast_head":"<!-- This site is optimized with the Yoast SEO plugin v27.2 - https:\/\/yoast.com\/product\/yoast-seo-wordpress\/ -->\n<title>Fotoausstellung Vulkanologische Gesellschaft - Vulkanologische Gesellschaft<\/title>\n<meta name=\"robots\" content=\"index, follow, max-snippet:-1, max-image-preview:large, max-video-preview:-1\" \/>\n<link rel=\"canonical\" href=\"https:\/\/www.vulkanologische-gesellschaft.de\/blog\/fotoausstellung-vulkanologische-gesellschaft\/\" \/>\n<meta property=\"og:locale\" content=\"de_DE\" \/>\n<meta property=\"og:type\" content=\"article\" \/>\n<meta property=\"og:title\" content=\"Fotoausstellung Vulkanologische Gesellschaft - Vulkanologische Gesellschaft\" \/>\n<meta property=\"og:description\" content=\"&nbsp; Vulkane der Welt: Zwischen Grauen und Anbetung \u2013 Die Faszination der Feuerberge Eine Ausstellung der \u201eVulkanologischen Gesellschaft\/Volcanological Society\u201c e.V. &nbsp; 30. Mai &#8211; 15 Juli in der VHS Oberhausen (Bert-Brecht-Haus) &nbsp; Am 17. Oktober des Jahres 79 n. Chr. unterbrachen die Menschen in den beiden betriebsamen St\u00e4dten Pompeji und Herculaneum ihre t\u00e4gliche Arbeit. In&hellip;\" \/>\n<meta property=\"og:url\" content=\"https:\/\/www.vulkanologische-gesellschaft.de\/blog\/fotoausstellung-vulkanologische-gesellschaft\/\" \/>\n<meta property=\"og:site_name\" content=\"Vulkanologische Gesellschaft\" \/>\n<meta property=\"article:publisher\" content=\"https:\/\/www.facebook.com\/profile.php?id=100076365217120\" \/>\n<meta property=\"article:modified_time\" content=\"2022-05-25T17:44:28+00:00\" \/>\n<meta property=\"og:image\" content=\"https:\/\/www.vulkanologische-gesellschaft.de\/blog\/wp-content\/uploads\/2022\/03\/Etna_Prio1-AUSSTELLUNG-Mittel-150x150.jpg\" \/>\n<meta name=\"twitter:card\" content=\"summary_large_image\" \/>\n<meta name=\"twitter:label1\" content=\"Gesch\u00e4tzte Lesezeit\" \/>\n\t<meta name=\"twitter:data1\" content=\"3\u00a0Minuten\" \/>\n<script type=\"application\/ld+json\" class=\"yoast-schema-graph\">{\"@context\":\"https:\/\/schema.org\",\"@graph\":[{\"@type\":\"WebPage\",\"@id\":\"https:\/\/www.vulkanologische-gesellschaft.de\/blog\/fotoausstellung-vulkanologische-gesellschaft\/\",\"url\":\"https:\/\/www.vulkanologische-gesellschaft.de\/blog\/fotoausstellung-vulkanologische-gesellschaft\/\",\"name\":\"Fotoausstellung Vulkanologische Gesellschaft - Vulkanologische Gesellschaft\",\"isPartOf\":{\"@id\":\"https:\/\/www.vulkanologische-gesellschaft.de\/blog\/#website\"},\"datePublished\":\"2022-03-26T09:35:29+00:00\",\"dateModified\":\"2022-05-25T17:44:28+00:00\",\"breadcrumb\":{\"@id\":\"https:\/\/www.vulkanologische-gesellschaft.de\/blog\/fotoausstellung-vulkanologische-gesellschaft\/#breadcrumb\"},\"inLanguage\":\"de\",\"potentialAction\":[{\"@type\":\"ReadAction\",\"target\":[\"https:\/\/www.vulkanologische-gesellschaft.de\/blog\/fotoausstellung-vulkanologische-gesellschaft\/\"]}]},{\"@type\":\"BreadcrumbList\",\"@id\":\"https:\/\/www.vulkanologische-gesellschaft.de\/blog\/fotoausstellung-vulkanologische-gesellschaft\/#breadcrumb\",\"itemListElement\":[{\"@type\":\"ListItem\",\"position\":1,\"name\":\"Startseite\",\"item\":\"https:\/\/www.vulkanologische-gesellschaft.de\/blog\/\"},{\"@type\":\"ListItem\",\"position\":2,\"name\":\"Fotoausstellung Vulkanologische Gesellschaft\"}]},{\"@type\":\"WebSite\",\"@id\":\"https:\/\/www.vulkanologische-gesellschaft.de\/blog\/#website\",\"url\":\"https:\/\/www.vulkanologische-gesellschaft.de\/blog\/\",\"name\":\"Vulkanologische Gesellschaft\",\"description\":\"Gesellschaft f\u00fcr internationale Vulkanerkundung\",\"publisher\":{\"@id\":\"https:\/\/www.vulkanologische-gesellschaft.de\/blog\/#organization\"},\"potentialAction\":[{\"@type\":\"SearchAction\",\"target\":{\"@type\":\"EntryPoint\",\"urlTemplate\":\"https:\/\/www.vulkanologische-gesellschaft.de\/blog\/?s={search_term_string}\"},\"query-input\":{\"@type\":\"PropertyValueSpecification\",\"valueRequired\":true,\"valueName\":\"search_term_string\"}}],\"inLanguage\":\"de\"},{\"@type\":\"Organization\",\"@id\":\"https:\/\/www.vulkanologische-gesellschaft.de\/blog\/#organization\",\"name\":\"Vulkanologische Gesellschaft e.V\",\"url\":\"https:\/\/www.vulkanologische-gesellschaft.de\/blog\/\",\"logo\":{\"@type\":\"ImageObject\",\"inLanguage\":\"de\",\"@id\":\"https:\/\/www.vulkanologische-gesellschaft.de\/blog\/#\/schema\/logo\/image\/\",\"url\":\"https:\/\/www.vulkanologische-gesellschaft.de\/blog\/wp-content\/uploads\/2015\/07\/logo-klein.jpg\",\"contentUrl\":\"https:\/\/www.vulkanologische-gesellschaft.de\/blog\/wp-content\/uploads\/2015\/07\/logo-klein.jpg\",\"width\":140,\"height\":139,\"caption\":\"Vulkanologische Gesellschaft e.V\"},\"image\":{\"@id\":\"https:\/\/www.vulkanologische-gesellschaft.de\/blog\/#\/schema\/logo\/image\/\"},\"sameAs\":[\"https:\/\/www.facebook.com\/profile.php?id=100076365217120\"]}]}<\/script>\n<!-- \/ Yoast SEO plugin. -->","yoast_head_json":{"title":"Fotoausstellung Vulkanologische Gesellschaft - Vulkanologische Gesellschaft","robots":{"index":"index","follow":"follow","max-snippet":"max-snippet:-1","max-image-preview":"max-image-preview:large","max-video-preview":"max-video-preview:-1"},"canonical":"https:\/\/www.vulkanologische-gesellschaft.de\/blog\/fotoausstellung-vulkanologische-gesellschaft\/","og_locale":"de_DE","og_type":"article","og_title":"Fotoausstellung Vulkanologische Gesellschaft - Vulkanologische Gesellschaft","og_description":"&nbsp; Vulkane der Welt: Zwischen Grauen und Anbetung \u2013 Die Faszination der Feuerberge Eine Ausstellung der \u201eVulkanologischen Gesellschaft\/Volcanological Society\u201c e.V. &nbsp; 30. Mai &#8211; 15 Juli in der VHS Oberhausen (Bert-Brecht-Haus) &nbsp; Am 17. Oktober des Jahres 79 n. Chr. unterbrachen die Menschen in den beiden betriebsamen St\u00e4dten Pompeji und Herculaneum ihre t\u00e4gliche Arbeit. In&hellip;","og_url":"https:\/\/www.vulkanologische-gesellschaft.de\/blog\/fotoausstellung-vulkanologische-gesellschaft\/","og_site_name":"Vulkanologische Gesellschaft","article_publisher":"https:\/\/www.facebook.com\/profile.php?id=100076365217120","article_modified_time":"2022-05-25T17:44:28+00:00","og_image":[{"url":"https:\/\/www.vulkanologische-gesellschaft.de\/blog\/wp-content\/uploads\/2022\/03\/Etna_Prio1-AUSSTELLUNG-Mittel-150x150.jpg","type":"","width":"","height":""}],"twitter_card":"summary_large_image","twitter_misc":{"Gesch\u00e4tzte Lesezeit":"3\u00a0Minuten"},"schema":{"@context":"https:\/\/schema.org","@graph":[{"@type":"WebPage","@id":"https:\/\/www.vulkanologische-gesellschaft.de\/blog\/fotoausstellung-vulkanologische-gesellschaft\/","url":"https:\/\/www.vulkanologische-gesellschaft.de\/blog\/fotoausstellung-vulkanologische-gesellschaft\/","name":"Fotoausstellung Vulkanologische Gesellschaft - Vulkanologische Gesellschaft","isPartOf":{"@id":"https:\/\/www.vulkanologische-gesellschaft.de\/blog\/#website"},"datePublished":"2022-03-26T09:35:29+00:00","dateModified":"2022-05-25T17:44:28+00:00","breadcrumb":{"@id":"https:\/\/www.vulkanologische-gesellschaft.de\/blog\/fotoausstellung-vulkanologische-gesellschaft\/#breadcrumb"},"inLanguage":"de","potentialAction":[{"@type":"ReadAction","target":["https:\/\/www.vulkanologische-gesellschaft.de\/blog\/fotoausstellung-vulkanologische-gesellschaft\/"]}]},{"@type":"BreadcrumbList","@id":"https:\/\/www.vulkanologische-gesellschaft.de\/blog\/fotoausstellung-vulkanologische-gesellschaft\/#breadcrumb","itemListElement":[{"@type":"ListItem","position":1,"name":"Startseite","item":"https:\/\/www.vulkanologische-gesellschaft.de\/blog\/"},{"@type":"ListItem","position":2,"name":"Fotoausstellung Vulkanologische Gesellschaft"}]},{"@type":"WebSite","@id":"https:\/\/www.vulkanologische-gesellschaft.de\/blog\/#website","url":"https:\/\/www.vulkanologische-gesellschaft.de\/blog\/","name":"Vulkanologische Gesellschaft","description":"Gesellschaft f\u00fcr internationale Vulkanerkundung","publisher":{"@id":"https:\/\/www.vulkanologische-gesellschaft.de\/blog\/#organization"},"potentialAction":[{"@type":"SearchAction","target":{"@type":"EntryPoint","urlTemplate":"https:\/\/www.vulkanologische-gesellschaft.de\/blog\/?s={search_term_string}"},"query-input":{"@type":"PropertyValueSpecification","valueRequired":true,"valueName":"search_term_string"}}],"inLanguage":"de"},{"@type":"Organization","@id":"https:\/\/www.vulkanologische-gesellschaft.de\/blog\/#organization","name":"Vulkanologische Gesellschaft e.V","url":"https:\/\/www.vulkanologische-gesellschaft.de\/blog\/","logo":{"@type":"ImageObject","inLanguage":"de","@id":"https:\/\/www.vulkanologische-gesellschaft.de\/blog\/#\/schema\/logo\/image\/","url":"https:\/\/www.vulkanologische-gesellschaft.de\/blog\/wp-content\/uploads\/2015\/07\/logo-klein.jpg","contentUrl":"https:\/\/www.vulkanologische-gesellschaft.de\/blog\/wp-content\/uploads\/2015\/07\/logo-klein.jpg","width":140,"height":139,"caption":"Vulkanologische Gesellschaft e.V"},"image":{"@id":"https:\/\/www.vulkanologische-gesellschaft.de\/blog\/#\/schema\/logo\/image\/"},"sameAs":["https:\/\/www.facebook.com\/profile.php?id=100076365217120"]}]}},"_links":{"self":[{"href":"https:\/\/www.vulkanologische-gesellschaft.de\/blog\/wp-json\/wp\/v2\/pages\/843","targetHints":{"allow":["GET"]}}],"collection":[{"href":"https:\/\/www.vulkanologische-gesellschaft.de\/blog\/wp-json\/wp\/v2\/pages"}],"about":[{"href":"https:\/\/www.vulkanologische-gesellschaft.de\/blog\/wp-json\/wp\/v2\/types\/page"}],"author":[{"embeddable":true,"href":"https:\/\/www.vulkanologische-gesellschaft.de\/blog\/wp-json\/wp\/v2\/users\/1"}],"replies":[{"embeddable":true,"href":"https:\/\/www.vulkanologische-gesellschaft.de\/blog\/wp-json\/wp\/v2\/comments?post=843"}],"version-history":[{"count":5,"href":"https:\/\/www.vulkanologische-gesellschaft.de\/blog\/wp-json\/wp\/v2\/pages\/843\/revisions"}],"predecessor-version":[{"id":880,"href":"https:\/\/www.vulkanologische-gesellschaft.de\/blog\/wp-json\/wp\/v2\/pages\/843\/revisions\/880"}],"wp:attachment":[{"href":"https:\/\/www.vulkanologische-gesellschaft.de\/blog\/wp-json\/wp\/v2\/media?parent=843"}],"curies":[{"name":"wp","href":"https:\/\/api.w.org\/{rel}","templated":true}]}}